{"id":896,"date":"2026-08-28T20:56:50","date_gmt":"2026-08-28T20:56:50","guid":{"rendered":"https:\/\/qat-1.multilingualpress.syde.wpinfra.cloud\/de\/elementor-test-page\/"},"modified":"2026-08-28T20:56:50","modified_gmt":"2026-08-28T20:56:50","slug":"elementor-testseite","status":"publish","type":"page","link":"https:\/\/qat-1.multilingualpress.syde.wpinfra.cloud\/de\/elementor-testseite\/","title":{"rendered":"Elementor-Testseite"},"content":{"rendered":"\n<div class=\"wp-block-group alignfull has-global-padding is-layout-constrained wp-block-group-is-layout-constrained\" style=\"margin-top:0;margin-bottom:0\">\n<div class=\"wp-block-columns alignfull is-layout-flex wp-container-core-columns-is-layout-87724155 wp-block-columns-is-layout-flex\">\n<div class=\"wp-block-column is-layout-flow wp-block-column-is-layout-flow\" style=\"flex-basis:55%\">\n<div style=\"aspect-ratio:1;height:unset;min-height:unset;\" class=\"wp-block-cover is-light has-aspect-ratio\"><img decoding=\"async\" class=\"wp-block-cover__image-background\" alt=\"Bild des Buches\" src=\"https:\/\/qat-1.multilingualpress.syde.wpinfra.cloud\/wp-content\/themes\/twentytwentyfive\/assets\/images\/book-image-landing.webp\" data-object-fit=\"cover\"\/><span aria-hidden=\"true\" class=\"wp-block-cover__background has-background-dim-0 has-background-dim\" style=\"background-color:#6b6b6b\"><\/span><div class=\"wp-block-cover__inner-container is-layout-flow wp-block-cover-is-layout-flow\">\n<div style=\"height:var(--wp--preset--spacing--20)\" aria-hidden=\"true\" class=\"wp-block-spacer\"><\/div>\n<\/div><\/div>\n<\/div>\n\n\n\n<div class=\"wp-block-column is-vertically-aligned-center is-layout-flow wp-block-column-is-layout-flow\" style=\"padding-top:var(--wp--preset--spacing--60);padding-right:var(--wp--preset--spacing--60);padding-bottom:var(--wp--preset--spacing--60);padding-left:var(--wp--preset--spacing--60)\">\n<h2 class=\"wp-block-heading has-xx-large-font-size\">The Stories Book<\/h2>\n\n\n\n<p class=\"wp-block-paragraph\">Eine feine Sammlung von Momenten in der Zeit mit Fotografien von Louis Fleckenstein, Paul Strand und Asahachi K\u014dno.<\/p>\n\n\n\n<p class=\"has-medium-font-size wp-block-paragraph\">Jetzt zur Vorbestellung verf\u00fcgbar.<\/p>\n<\/div>\n<\/div>\n<\/div>\n\n\n\n<div class=\"wp-block-group alignfull has-global-padding is-layout-constrained wp-container-core-group-is-layout-e4ec366e wp-block-group-is-layout-constrained\" style=\"margin-top:0;margin-bottom:0;padding-top:var(--wp--preset--spacing--60);padding-bottom:var(--wp--preset--spacing--60)\">\n<h2 class=\"wp-block-heading has-text-align-center alignwide has-x-large-font-size\">Kaufen Sie Ihr Exemplar von The Stories Book<\/h2>\n\n\n\n<div class=\"wp-block-buttons alignwide has-custom-font-size has-medium-font-size is-content-justification-center is-layout-flex wp-container-core-buttons-is-layout-c126b804 wp-block-buttons-is-layout-flex\">\n<div class=\"wp-block-button\"><a class=\"wp-block-button__link wp-element-button\">Amazon<\/a><\/div>\n\n\n\n<div class=\"wp-block-button\"><a class=\"wp-block-button__link wp-element-button\">Audible<\/a><\/div>\n\n\n\n<div class=\"wp-block-button\"><a class=\"wp-block-button__link wp-element-button\">Barnes &amp; Noble<\/a><\/div>\n\n\n\n<div class=\"wp-block-button\"><a class=\"wp-block-button__link wp-element-button\">Apple Books<\/a><\/div>\n\n\n\n<div class=\"wp-block-button\"><a class=\"wp-block-button__link wp-element-button\">Bookshop.org<\/a><\/div>\n\n\n\n<div class=\"wp-block-button\"><a class=\"wp-block-button__link wp-element-button\">Spotify<\/a><\/div>\n\n\n\n<div class=\"wp-block-button\"><a class=\"wp-block-button__link wp-element-button\">BAM!<\/a><\/div>\n\n\n\n<div class=\"wp-block-button\"><a class=\"wp-block-button__link wp-element-button\">Simon &amp; Schuster<\/a><\/div>\n<\/div>\n\n\n\n<p class=\"has-text-align-center has-medium-font-size wp-block-paragraph\">Au\u00dferhalb Europas? Sehen Sie sich <a href=\"#\" rel=\"nofollow\">internationale Ausgaben<\/a> an.<\/p>\n<\/div>\n\n\n\n<div class=\"wp-block-group alignfull has-global-padding is-layout-constrained wp-block-group-is-layout-constrained\" style=\"margin-top:0;margin-bottom:0;padding-top:var(--wp--preset--spacing--50);padding-bottom:var(--wp--preset--spacing--50)\">\n<div class=\"wp-block-columns alignwide is-layout-flex wp-container-core-columns-is-layout-89463222 wp-block-columns-is-layout-flex\">\n<div class=\"wp-block-column is-vertically-aligned-center is-layout-flow wp-block-column-is-layout-flow\">\n<h2 class=\"wp-block-heading has-xx-large-font-size\">\u00dcber das Buch<\/h2>\n\n\n\n<p class=\"has-medium-font-size wp-block-paragraph\">Diese exquisite Zusammenstellung pr\u00e4sentiert eine vielf\u00e4ltige Reihe von Fotografien, die das Wesen verschiedener Epochen und Kulturen einfangen und die einzigartigen Stile und Perspektiven jedes K\u00fcnstlers reflektieren. Fleckensteins eindringliche Bildsprache, Strands bahnbrechender modernistischer Ansatz und K\u014dnos akribische Dokumentation des japanischen Lebens kommen zusammen in einem harmonischen Mix, der die Kunst der Fotografie feiert. Jedes Bild in \u201eThe Stories Book\u201c wird von aufschlussreichen Kommentaren begleitet, die den historischen Kontext bieten und die Geschichten hinter den Fotos enth\u00fcllen. Diese Sammlung ist nicht nur ein visueller Genuss, sondern auch eine Hommage an die Kraft der Fotografie, die vielf\u00e4ltigen Erfahrungen der Menschheit zu bewahren und zu erz\u00e4hlen.<\/p>\n<\/div>\n\n\n\n<div class=\"wp-block-column is-vertically-aligned-center is-layout-flow wp-block-column-is-layout-flow\">\n<figure class=\"wp-block-image size-full\"><img decoding=\"async\" src=\"https:\/\/qat-1.multilingualpress.syde.wpinfra.cloud\/wp-content\/themes\/twentytwentyfive\/assets\/images\/book-image-landing.webp\" alt=\"Bild eines Buches\" style=\"aspect-ratio:1;object-fit:cover\"\/><\/figure>\n<\/div>\n<\/div>\n<\/div>\n\n\n\n<div class=\"wp-block-group alignfull is-style-default has-global-padding is-layout-constrained wp-block-group-is-layout-constrained\" style=\"margin-top:0;margin-bottom:0;padding-top:var(--wp--preset--spacing--60);padding-bottom:var(--wp--preset--spacing--60)\">\n<div class=\"wp-block-columns alignwide is-layout-flex wp-container-core-columns-is-layout-d8cef0e5 wp-block-columns-is-layout-flex\">\n<div class=\"wp-block-column is-layout-flow wp-block-column-is-layout-flow\" style=\"flex-basis:60%\">\n<div class=\"wp-block-group is-vertical is-layout-flex wp-container-core-group-is-layout-092f862b wp-block-group-is-layout-flex\" style=\"padding-bottom:var(--wp--preset--spacing--30)\">\n<h2 class=\"wp-block-heading\">Internationale Ausgaben<\/h2>\n\n\n\n<p class=\"has-medium-font-size wp-block-paragraph\">The Stories Book wird bei diesen internationalen Einzelh\u00e4ndlern erh\u00e4ltlich sein.<\/p>\n<\/div>\n<\/div>\n\n\n\n<div class=\"wp-block-column is-layout-flow wp-block-column-is-layout-flow\" style=\"flex-basis:40%\">\n<div class=\"wp-block-columns is-layout-flex wp-container-core-columns-is-layout-794e3cfa wp-block-columns-is-layout-flex\">\n<div class=\"wp-block-column is-layout-flow wp-container-core-column-is-layout-e2750267 wp-block-column-is-layout-flow\">\n<div class=\"wp-block-group has-global-padding is-content-justification-left is-layout-constrained wp-container-core-group-is-layout-2f23a51a wp-block-group-is-layout-constrained\">\n<h3 class=\"wp-block-heading has-large-font-size\" style=\"font-style:normal;font-weight:500\">Australien<\/h3>\n\n\n\n<p class=\"has-medium-font-size wp-block-paragraph\"><a href=\"#\">Buchladen<\/a><\/p>\n<\/div>\n\n\n\n<div class=\"wp-block-group has-global-padding is-content-justification-left is-layout-constrained wp-container-core-group-is-layout-1b50859a wp-block-group-is-layout-constrained\">\n<h3 class=\"wp-block-heading has-large-font-size\" style=\"font-style:normal;font-weight:500\">Brasilien<\/h3>\n\n\n\n<p class=\"has-medium-font-size wp-block-paragraph\"><a href=\"#\">Buchladen<\/a><\/p>\n<\/div>\n\n\n\n<div class=\"wp-block-group has-global-padding is-content-justification-left is-layout-constrained wp-container-core-group-is-layout-1b50859a wp-block-group-is-layout-constrained\">\n<h3 class=\"wp-block-heading has-large-font-size\" style=\"font-style:normal;font-weight:500\">Kanada<\/h3>\n\n\n\n<p class=\"has-medium-font-size wp-block-paragraph\"><a href=\"#\">Buchladen<\/a><\/p>\n<\/div>\n\n\n\n<div class=\"wp-block-group has-global-padding is-content-justification-left is-layout-constrained wp-container-core-group-is-layout-1b50859a wp-block-group-is-layout-constrained\">\n<h3 class=\"wp-block-heading has-large-font-size\" style=\"font-style:normal;font-weight:500\">Japan<\/h3>\n\n\n\n<p class=\"has-medium-font-size wp-block-paragraph\"><a href=\"#\">Buchladen<\/a><\/p>\n<\/div>\n<\/div>\n\n\n\n<div class=\"wp-block-column is-layout-flow wp-container-core-column-is-layout-e2750267 wp-block-column-is-layout-flow\">\n<div class=\"wp-block-group has-global-padding is-content-justification-left is-layout-constrained wp-container-core-group-is-layout-2f23a51a wp-block-group-is-layout-constrained\">\n<h3 class=\"wp-block-heading has-large-font-size\" style=\"font-style:normal;font-weight:500\">Neuseeland<\/h3>\n\n\n\n<p class=\"has-medium-font-size wp-block-paragraph\"><a href=\"#\">Buchladen<\/a><\/p>\n<\/div>\n\n\n\n<div class=\"wp-block-group has-global-padding is-content-justification-left is-layout-constrained wp-container-core-group-is-layout-1b50859a wp-block-group-is-layout-constrained\">\n<h3 class=\"wp-block-heading has-large-font-size\" style=\"font-style:normal;font-weight:500\">Schweiz<\/h3>\n\n\n\n<p class=\"has-medium-font-size wp-block-paragraph\"><a href=\"#\">Buchladen<\/a><\/p>\n<\/div>\n\n\n\n<div class=\"wp-block-group has-global-padding is-content-justification-left is-layout-constrained wp-container-core-group-is-layout-1b50859a wp-block-group-is-layout-constrained\">\n<h3 class=\"wp-block-heading has-large-font-size\" style=\"font-style:normal;font-weight:500\">Vereinigte Staaten<\/h3>\n\n\n\n<p class=\"has-medium-font-size wp-block-paragraph\"><a href=\"#\">Buchladen<\/a><\/p>\n<\/div>\n\n\n\n<div class=\"wp-block-group has-global-padding is-content-justification-left is-layout-constrained wp-container-core-group-is-layout-1b50859a wp-block-group-is-layout-constrained\">\n<h3 class=\"wp-block-heading has-large-font-size\" style=\"font-style:normal;font-weight:500\">Vereinigtes K\u00f6nigreich<\/h3>\n\n\n\n<p class=\"has-medium-font-size wp-block-paragraph\"><a href=\"#\">Buchladen<\/a><\/p>\n<\/div>\n<\/div>\n<\/div>\n<\/div>\n<\/div>\n<\/div>\n\n\n\n<div class=\"wp-block-group alignfull has-global-padding is-layout-constrained wp-block-group-is-layout-constrained\" style=\"margin-top:0;margin-bottom:0\">\n<div class=\"wp-block-group alignwide is-layout-flow wp-container-core-group-is-layout-a0aa5dda wp-block-group-is-layout-flow\" style=\"padding-top:var(--wp--preset--spacing--50);padding-bottom:var(--wp--preset--spacing--50)\">\n<h2 class=\"wp-block-heading has-x-large-font-size\">H\u00e4ufig gestellte Fragen<\/h2>\n\n\n\n<div class=\"wp-block-columns is-layout-flex wp-container-core-columns-is-layout-5b9cbc20 wp-block-columns-is-layout-flex\">\n<div class=\"wp-block-column is-layout-flow wp-block-column-is-layout-flow\">\n<div class=\"wp-block-group is-layout-flow wp-block-group-is-layout-flow\" style=\"border-top-color:var(--wp--preset--color--accent-6);border-top-width:1px;padding-top:var(--wp--preset--spacing--30);padding-bottom:var(--wp--preset--spacing--30)\">\n<h3 class=\"wp-block-heading\">Worum geht es in The Stories Book?<\/h3>\n\n\n\n<p class=\"wp-block-paragraph\">Diese exquisite Zusammenstellung pr\u00e4sentiert eine vielf\u00e4ltige Reihe von Fotografien, die das Wesen verschiedener Epochen und Kulturen einfangen und die einzigartigen Stile und Perspektiven jedes K\u00fcnstlers reflektieren.<\/p>\n<\/div>\n<\/div>\n\n\n\n<div class=\"wp-block-column is-layout-flow wp-block-column-is-layout-flow\">\n<div class=\"wp-block-group is-layout-flow wp-block-group-is-layout-flow\" style=\"border-top-color:var(--wp--preset--color--accent-6);border-top-width:1px;padding-top:var(--wp--preset--spacing--30);padding-bottom:var(--wp--preset--spacing--30)\">\n<h3 class=\"wp-block-heading\">Wie viel kostet The Stories Book?<\/h3>\n\n\n\n<p class=\"wp-block-paragraph\">Diese exquisite Zusammenstellung pr\u00e4sentiert eine vielf\u00e4ltige Reihe von Fotografien, die das Wesen verschiedener Epochen und Kulturen einfangen und die einzigartigen Stile und Perspektiven jedes K\u00fcnstlers reflektieren.<\/p>\n<\/div>\n<\/div>\n<\/div>\n\n\n\n<div class=\"wp-block-columns is-layout-flex wp-container-core-columns-is-layout-5b9cbc20 wp-block-columns-is-layout-flex\">\n<div class=\"wp-block-column is-layout-flow wp-block-column-is-layout-flow\">\n<div class=\"wp-block-group is-layout-flow wp-block-group-is-layout-flow\" style=\"border-top-color:var(--wp--preset--color--accent-6);border-top-width:1px;padding-top:var(--wp--preset--spacing--30);padding-bottom:var(--wp--preset--spacing--30)\">\n<h3 class=\"wp-block-heading\">Wann wird The Stories Book ver\u00f6ffentlicht?<\/h3>\n\n\n\n<p class=\"wp-block-paragraph\">Diese exquisite Zusammenstellung pr\u00e4sentiert eine vielf\u00e4ltige Reihe von Fotografien, die das Wesen verschiedener Epochen und Kulturen einfangen und die einzigartigen Stile und Perspektiven jedes K\u00fcnstlers reflektieren.<\/p>\n<\/div>\n<\/div>\n\n\n\n<div class=\"wp-block-column is-layout-flow wp-block-column-is-layout-flow\">\n<div class=\"wp-block-group is-layout-flow wp-block-group-is-layout-flow\" style=\"border-top-color:var(--wp--preset--color--accent-6);border-top-width:1px;padding-top:var(--wp--preset--spacing--30);padding-bottom:var(--wp--preset--spacing--30)\">\n<h3 class=\"wp-block-heading\">Sind signierte Exemplare verf\u00fcgbar?<\/h3>\n\n\n\n<p class=\"wp-block-paragraph\">Diese exquisite Zusammenstellung pr\u00e4sentiert eine vielf\u00e4ltige Reihe von Fotografien, die das Wesen verschiedener Epochen und Kulturen einfangen und die einzigartigen Stile und Perspektiven jedes K\u00fcnstlers reflektieren.<\/p>\n<\/div>\n<\/div>\n<\/div>\n<\/div>\n<\/div>\n\n\n\n<aside class=\"wp-block-group alignfull is-style-section-3 has-global-padding is-layout-constrained wp-container-core-group-is-layout-0553457c wp-block-group-is-layout-constrained is-style-section-3--1\" style=\"margin-top:0;margin-bottom:0;padding-top:var(--wp--preset--spacing--50);padding-right:var(--wp--preset--spacing--50);padding-bottom:var(--wp--preset--spacing--50);padding-left:var(--wp--preset--spacing--50)\">\n<div class=\"wp-block-group is-vertical is-content-justification-center is-layout-flex wp-container-core-group-is-layout-65db5ff9 wp-block-group-is-layout-flex\" style=\"min-height:360px;margin-top:0;margin-bottom:0\">\n<h2 class=\"wp-block-heading has-text-align-center has-xx-large-font-size\">Melden Sie sich an, um t\u00e4gliche Geschichten zu erhalten<\/h2>\n\n\n\n<p class=\"has-text-align-center is-style-text-subtitle is-style-text-subtitle--2 wp-block-paragraph\">Erhalten Sie Zugriff auf eine kuratierte Sammlung von Momenten in der Zeit, die Fotografien von historischer Relevanz zeigt.<\/p>\n\n\n\n<div style=\"height:0px\" aria-hidden=\"true\" class=\"wp-block-spacer wp-container-content-62aae154\"><\/div>\n\n\n\n<div class=\"wp-block-buttons is-content-justification-center is-layout-flex wp-container-core-buttons-is-layout-35f06ea7 wp-block-buttons-is-layout-flex\">\n<div class=\"wp-block-button\"><a class=\"wp-block-button__link has-text-align-center wp-element-button\">Abonnieren<\/a><\/div>\n<\/div>\n<\/div>\n<\/aside>\n","protected":false},"excerpt":{"rendered":"<p>The Stories Book Eine feine Sammlung von Momenten in der Zeit mit Fotografien von Louis Fleckenstein, Paul Strand und Asahachi K\u014dno. Jetzt zur Vorbestellung verf\u00fcgbar. Kaufen Sie Ihr Exemplar von The Stories Book Au\u00dferhalb Europas? Sehen Sie sich internationale Ausgaben an. \u00dcber das Buch Diese exquisite Zusammenstellung pr\u00e4sentiert eine vielf\u00e4ltige Reihe von Fotografien, die das [&hellip;]<\/p>\n","protected":false},"author":4,"featured_media":0,"parent":0,"menu_order":0,"comment_status":"closed","ping_status":"closed","template":"","meta":{"_acf_changed":false,"_trash_the_other_posts":false,"editor_notices":[],"footnotes":""},"class_list":["post-896","page","type-page","status-publish","hentry"],"acf":[],"_links":{"self":[{"href":"https:\/\/qat-1.multilingualpress.syde.wpinfra.cloud\/de\/wp-json\/wp\/v2\/pages\/896","targetHints":{"allow":["GET"]}}],"collection":[{"href":"https:\/\/qat-1.multilingualpress.syde.wpinfra.cloud\/de\/wp-json\/wp\/v2\/pages"}],"about":[{"href":"https:\/\/qat-1.multilingualpress.syde.wpinfra.cloud\/de\/wp-json\/wp\/v2\/types\/page"}],"author":[{"embeddable":true,"href":"https:\/\/qat-1.multilingualpress.syde.wpinfra.cloud\/de\/wp-json\/wp\/v2\/users\/4"}],"replies":[{"embeddable":true,"href":"https:\/\/qat-1.multilingualpress.syde.wpinfra.cloud\/de\/wp-json\/wp\/v2\/comments?post=896"}],"version-history":[{"count":1,"href":"https:\/\/qat-1.multilingualpress.syde.wpinfra.cloud\/de\/wp-json\/wp\/v2\/pages\/896\/revisions"}],"predecessor-version":[{"id":897,"href":"https:\/\/qat-1.multilingualpress.syde.wpinfra.cloud\/de\/wp-json\/wp\/v2\/pages\/896\/revisions\/897"}],"wp:attachment":[{"href":"https:\/\/qat-1.multilingualpress.syde.wpinfra.cloud\/de\/wp-json\/wp\/v2\/media?parent=896"}],"curies":[{"name":"wp","href":"https:\/\/api.w.org\/{rel}","templated":true}]}}